{"id":2508,"date":"2023-01-11T11:50:03","date_gmt":"2023-01-11T10:50:03","guid":{"rendered":"https:\/\/www.cv-timber.vps42310.wl-server.com\/gruender-geschaeftsfuehrende-gesellschafter\/"},"modified":"2023-02-23T15:39:12","modified_gmt":"2023-02-23T14:39:12","slug":"fundador-e-socio-gerente","status":"publish","type":"page","link":"https:\/\/www.cv-timber.com\/pt-pt\/fundador-e-socio-gerente\/","title":{"rendered":"Fundador e s\u00f3cio-gerente"},"content":{"rendered":"\t\t<div data-elementor-type=\"wp-page\" data-elementor-id=\"2508\" class=\"elementor elementor-2508 elementor-1556\">\n\t\t\t\t<div class=\"elementor-element elementor-element-bbbf33b e-flex e-con-boxed e-con e-parent\" data-id=\"bbbf33b\" data-element_type=\"container\" data-e-type=\"container\">\n\t\t\t\t\t<div class=\"e-con-inner\">\n\t\t\t\t<div class=\"elementor-element elementor-element-fe3f279 elementor-widget elementor-widget-section_slider ui-dark\" data-id=\"fe3f279\" data-element_type=\"widget\" data-e-type=\"widget\" data-widget_type=\"section_slider.default\">\n\t\t\t\t<div class=\"elementor-widget-container\">\n\t\t\t\t\t    <div class=\"swiper swiper-fe3f279 disable-mobile\">\n        <div class=\"swiper-wrapper\">\n                                            <div id=\"slide-2544\" class=\"swiper-slide w-100\" data-slide-id=\"2544\" data-ui=\"\" data-navi-style=\"\"\n                     data-animation-effect=\"slide\">\n                    \t\t<div data-elementor-type=\"wp-post\" data-elementor-id=\"2544\" class=\"elementor elementor-2544 elementor-1772\">\n\t\t\t\t<div class=\"elementor-element elementor-element-ffc23d2 e-flex e-con-boxed e-con e-parent\" data-id=\"ffc23d2\" data-element_type=\"container\" data-e-type=\"container\">\n\t\t\t\t\t<div class=\"e-con-inner\">\n\t\t<div class=\"elementor-element elementor-element-3ec37d9 e-con-full e-flex e-con e-parent\" data-id=\"3ec37d9\" data-element_type=\"container\" data-e-type=\"container\">\n\t\t<div class=\"elementor-element elementor-element-32703b45 e-flex e-con-boxed e-con e-parent\" data-id=\"32703b45\" data-element_type=\"container\" data-e-type=\"container\">\n\t\t\t\t\t<div class=\"e-con-inner\">\n\t\t\t\t<div class=\"elementor-element elementor-element-1a862fa4 elementor-widget elementor-widget-heading\" data-id=\"1a862fa4\" data-element_type=\"widget\" data-e-type=\"widget\" data-widget_type=\"heading.default\">\n\t\t\t\t<div class=\"elementor-widget-container\">\n\t\t\t\t\t<h2 class=\"elementor-heading-title elementor-size-default\">Manoel Padula<\/h2>\t\t\t\t<\/div>\n\t\t\t\t<\/div>\n\t\t\t\t<div class=\"elementor-element elementor-element-7d98164 elementor-widget elementor-widget-text-editor\" data-id=\"7d98164\" data-element_type=\"widget\" data-e-type=\"widget\" data-widget_type=\"text-editor.default\">\n\t\t\t\t<div class=\"elementor-widget-container\">\n\t\t\t\t\t\t\t\t\t<p>Nascido em 1966, <br \/>fundador gerente<\/p>\t\t\t\t\t\t\t\t<\/div>\n\t\t\t\t<\/div>\n\t\t\t\t<div class=\"elementor-element elementor-element-7feceac elementor-widget__width-initial elementor-widget elementor-widget-image\" data-id=\"7feceac\" data-element_type=\"widget\" data-e-type=\"widget\" data-widget_type=\"image.default\">\n\t\t\t\t<div class=\"elementor-widget-container\">\n\t\t\t\t\t\t\t\t\t\t\t\t\t\t\t<img fetchpriority=\"high\" decoding=\"async\" width=\"300\" height=\"200\" src=\"https:\/\/www.cv-timber.com\/wp-content\/uploads\/2023\/01\/20230207_CV-TIMBER_Portrait_MPaolo-300x200.jpg\" class=\"attachment-medium size-medium wp-image-2918\" alt=\"\" srcset=\"https:\/\/www.cv-timber.com\/wp-content\/uploads\/2023\/01\/20230207_CV-TIMBER_Portrait_MPaolo-300x200.jpg 300w, https:\/\/www.cv-timber.com\/wp-content\/uploads\/2023\/01\/20230207_CV-TIMBER_Portrait_MPaolo.jpg 450w\" sizes=\"(max-width: 300px) 100vw, 300px\" \/>\t\t\t\t\t\t\t\t\t\t\t\t\t\t\t<\/div>\n\t\t\t\t<\/div>\n\t\t\t\t<div class=\"elementor-element elementor-element-2a05df95 elementor-widget elementor-widget-text-editor\" data-id=\"2a05df95\" data-element_type=\"widget\" data-e-type=\"widget\" data-widget_type=\"text-editor.default\">\n\t\t\t\t<div class=\"elementor-widget-container\">\n\t\t\t\t\t\t\t\t\t<p>Manoel \u00e9 brasileiro, vem de uma fam\u00edlia agr\u00edcola e administra a Fazenda Curral Velho junto com seu sogro Christian Adler desde 2015. Manoel \u00e9 formado em qu\u00edmica e possui MBA pela Universidade Getulio Vargas (BR) e Universidade de Harvard (EUA). Sua carreira profissional \u00e9 marcada por 30 anos na ind\u00fastria brasileira de embalagens, onde gerenciou pela \u00faltima vez 5000 funcion\u00e1rios como Diretor Geral da BEMIS Am\u00e9rica Latina e da Amcor LATAM.<\/p>\t\t\t\t\t\t\t\t<\/div>\n\t\t\t\t<\/div>\n\t\t\t\t\t<\/div>\n\t\t\t\t<\/div>\n\t\t\t\t<\/div>\n\t\t<div class=\"elementor-element elementor-element-fe050c7 e-con-full e-flex e-con e-parent\" data-id=\"fe050c7\" data-element_type=\"container\" data-e-type=\"container\">\n\t\t<div class=\"elementor-element elementor-element-6ef83fc3 e-flex e-con-boxed e-con e-parent\" data-id=\"6ef83fc3\" data-element_type=\"container\" data-e-type=\"container\">\n\t\t\t\t\t<div class=\"e-con-inner\">\n\t\t\t\t<div class=\"elementor-element elementor-element-192b3563 elementor-widget elementor-widget-heading\" data-id=\"192b3563\" data-element_type=\"widget\" data-e-type=\"widget\" data-widget_type=\"heading.default\">\n\t\t\t\t<div class=\"elementor-widget-container\">\n\t\t\t\t\t<h2 class=\"elementor-heading-title elementor-size-default\">Christian Adler<\/h2>\t\t\t\t<\/div>\n\t\t\t\t<\/div>\n\t\t\t\t<div class=\"elementor-element elementor-element-3d43a0b1 elementor-widget elementor-widget-text-editor\" data-id=\"3d43a0b1\" data-element_type=\"widget\" data-e-type=\"widget\" data-widget_type=\"text-editor.default\">\n\t\t\t\t<div class=\"elementor-widget-container\">\n\t\t\t\t\t\t\t\t\t<p>Nascido em 1945, <br \/>fundador<\/p>\t\t\t\t\t\t\t\t<\/div>\n\t\t\t\t<\/div>\n\t\t\t\t<div class=\"elementor-element elementor-element-370595c8 elementor-widget__width-initial elementor-widget elementor-widget-image\" data-id=\"370595c8\" data-element_type=\"widget\" data-e-type=\"widget\" data-widget_type=\"image.default\">\n\t\t\t\t<div class=\"elementor-widget-container\">\n\t\t\t\t\t\t\t\t\t\t\t\t\t\t\t<img decoding=\"async\" width=\"450\" height=\"300\" src=\"https:\/\/www.cv-timber.com\/wp-content\/uploads\/2023\/01\/20230207_CV-TIMBER_Portrait_CAdler.jpg\" class=\"attachment-large size-large wp-image-2921\" alt=\"\" srcset=\"https:\/\/www.cv-timber.com\/wp-content\/uploads\/2023\/01\/20230207_CV-TIMBER_Portrait_CAdler.jpg 450w, https:\/\/www.cv-timber.com\/wp-content\/uploads\/2023\/01\/20230207_CV-TIMBER_Portrait_CAdler-300x200.jpg 300w\" sizes=\"(max-width: 450px) 100vw, 450px\" \/>\t\t\t\t\t\t\t\t\t\t\t\t\t\t\t<\/div>\n\t\t\t\t<\/div>\n\t\t\t\t<div class=\"elementor-element elementor-element-6e89f886 elementor-widget elementor-widget-text-editor\" data-id=\"6e89f886\" data-element_type=\"widget\" data-e-type=\"widget\" data-widget_type=\"text-editor.default\">\n\t\t\t\t<div class=\"elementor-widget-container\">\n\t\t\t\t\t\t\t\t\t<p>Christian \u00e9 belga e vive no Brasil desde os 3 anos de idade. Ele \u00e9 empres\u00e1rio e dirige a Fazenda Curral Velho desde final dos anos 1990; Sob a lideran\u00e7a de Christian Adler , a empresa familiar desenvolveu um impressionante crescimento e know-how no cultivo de \u00a0pinus.<br \/><br \/><br \/><\/p>\t\t\t\t\t\t\t\t<\/div>\n\t\t\t\t<\/div>\n\t\t\t\t\t<\/div>\n\t\t\t\t<\/div>\n\t\t\t\t<\/div>\n\t\t\t\t\t<\/div>\n\t\t\t\t<\/div>\n\t\t\t\t<\/div>\n\t\t\n                                    <\/div>\n                                            <div id=\"slide-2546\" class=\"swiper-slide w-100\" data-slide-id=\"2546\" data-ui=\"\" data-navi-style=\"\"\n                     data-animation-effect=\"slide\">\n                    \t\t<div data-elementor-type=\"wp-post\" data-elementor-id=\"2546\" class=\"elementor elementor-2546 elementor-1776\">\n\t\t\t\t<div class=\"elementor-element elementor-element-bd04d80 e-flex e-con-boxed e-con e-parent\" data-id=\"bd04d80\" data-element_type=\"container\" data-e-type=\"container\">\n\t\t\t\t\t<div class=\"e-con-inner\">\n\t\t<div class=\"elementor-element elementor-element-ab57f43 e-flex e-con-boxed e-con e-parent\" data-id=\"ab57f43\" data-element_type=\"container\" data-e-type=\"container\">\n\t\t\t\t\t<div class=\"e-con-inner\">\n\t\t<div class=\"elementor-element elementor-element-cc04449 e-con-full e-flex e-con e-parent\" data-id=\"cc04449\" data-element_type=\"container\" data-e-type=\"container\">\n\t\t<div class=\"elementor-element elementor-element-4a123ca8 e-flex e-con-boxed e-con e-parent\" data-id=\"4a123ca8\" data-element_type=\"container\" data-e-type=\"container\">\n\t\t\t\t\t<div class=\"e-con-inner\">\n\t\t<div class=\"elementor-element elementor-element-ba8dc75 e-flex e-con-boxed e-con e-parent\" data-id=\"ba8dc75\" data-element_type=\"container\" data-e-type=\"container\">\n\t\t\t\t\t<div class=\"e-con-inner\">\n\t\t\t\t<div class=\"elementor-element elementor-element-e72ff10 elementor-widget elementor-widget-heading\" data-id=\"e72ff10\" data-element_type=\"widget\" data-e-type=\"widget\" data-widget_type=\"heading.default\">\n\t\t\t\t<div class=\"elementor-widget-container\">\n\t\t\t\t\t<h2 class=\"elementor-heading-title elementor-size-default\">Christian Mardeck<\/h2>\t\t\t\t<\/div>\n\t\t\t\t<\/div>\n\t\t\t\t\t<\/div>\n\t\t\t\t<\/div>\n\t\t\t\t<div class=\"elementor-element elementor-element-760fab3a elementor-widget elementor-widget-text-editor\" data-id=\"760fab3a\" data-element_type=\"widget\" data-e-type=\"widget\" data-widget_type=\"text-editor.default\">\n\t\t\t\t<div class=\"elementor-widget-container\">\n\t\t\t\t\t\t\t\t\t<p>Nascido em 1969, <br \/>fundador gerente<\/p>\t\t\t\t\t\t\t\t<\/div>\n\t\t\t\t<\/div>\n\t\t\t\t<div class=\"elementor-element elementor-element-45279e72 elementor-widget__width-initial elementor-widget elementor-widget-image\" data-id=\"45279e72\" data-element_type=\"widget\" data-e-type=\"widget\" data-widget_type=\"image.default\">\n\t\t\t\t<div class=\"elementor-widget-container\">\n\t\t\t\t\t\t\t\t\t\t\t\t\t\t\t<img decoding=\"async\" width=\"300\" height=\"200\" src=\"https:\/\/www.cv-timber.com\/wp-content\/uploads\/2023\/01\/Portrait_CMardeck-300x200.jpg\" class=\"attachment-medium size-medium wp-image-2925\" alt=\"\" srcset=\"https:\/\/www.cv-timber.com\/wp-content\/uploads\/2023\/01\/Portrait_CMardeck-300x200.jpg 300w, https:\/\/www.cv-timber.com\/wp-content\/uploads\/2023\/01\/Portrait_CMardeck.jpg 450w\" sizes=\"(max-width: 300px) 100vw, 300px\" \/>\t\t\t\t\t\t\t\t\t\t\t\t\t\t\t<\/div>\n\t\t\t\t<\/div>\n\t\t\t\t<div class=\"elementor-element elementor-element-2a17ad01 elementor-widget elementor-widget-text-editor\" data-id=\"2a17ad01\" data-element_type=\"widget\" data-e-type=\"widget\" data-widget_type=\"text-editor.default\">\n\t\t\t\t<div class=\"elementor-widget-container\">\n\t\t\t\t\t\t\t\t\t<p>Christian \u00e9 formado em administra\u00e7\u00e3o de empresas com mais de 20 anos de experi\u00eancia em gest\u00e3o de ativos internacionais como Diretor Administrativo e Gerente de Carteira em bancos, empresas de fundos, boutiques de gest\u00e3o de ativos. Mais recentemente na PIA Pontis (2Y, Managing Director, Real Estate and Infrastructure), RP Crest (10Y, CFO &amp; COO, asset manager especializado em pr\u00eamios de risco de volatilidade com licen\u00e7a BaFin), BayernInvest Luxembourg (4Y, Fund Engineering, Fund Management, Legal\/Tax) e BayernInvest Munich (10Y, Portfolio Manager e Head of Product Development\/ Management).<\/p>\t\t\t\t\t\t\t\t<\/div>\n\t\t\t\t<\/div>\n\t\t\t\t\t<\/div>\n\t\t\t\t<\/div>\n\t\t\t\t<\/div>\n\t\t<div class=\"elementor-element elementor-element-3524487 e-con-full e-flex e-con e-parent\" data-id=\"3524487\" data-element_type=\"container\" data-e-type=\"container\">\n\t\t<div class=\"elementor-element elementor-element-166d3c38 e-flex e-con-boxed e-con e-parent\" data-id=\"166d3c38\" data-element_type=\"container\" data-e-type=\"container\">\n\t\t\t\t\t<div class=\"e-con-inner\">\n\t\t<div class=\"elementor-element elementor-element-d61a3fc e-flex e-con-boxed e-con e-parent\" data-id=\"d61a3fc\" data-element_type=\"container\" data-e-type=\"container\">\n\t\t\t\t\t<div class=\"e-con-inner\">\n\t\t\t\t<div class=\"elementor-element elementor-element-25da5160 elementor-widget elementor-widget-heading\" data-id=\"25da5160\" data-element_type=\"widget\" data-e-type=\"widget\" data-widget_type=\"heading.default\">\n\t\t\t\t<div class=\"elementor-widget-container\">\n\t\t\t\t\t<h2 class=\"elementor-heading-title elementor-size-default\">Matthias van Randenborgh<\/h2>\t\t\t\t<\/div>\n\t\t\t\t<\/div>\n\t\t\t\t\t<\/div>\n\t\t\t\t<\/div>\n\t\t\t\t<div class=\"elementor-element elementor-element-724bd7f6 elementor-widget elementor-widget-text-editor\" data-id=\"724bd7f6\" data-element_type=\"widget\" data-e-type=\"widget\" data-widget_type=\"text-editor.default\">\n\t\t\t\t<div class=\"elementor-widget-container\">\n\t\t\t\t\t\t\t\t\t<p>Nascido em 1969, <br \/>fundador gerente.<\/p>\t\t\t\t\t\t\t\t<\/div>\n\t\t\t\t<\/div>\n\t\t\t\t<div class=\"elementor-element elementor-element-79223fa6 elementor-widget__width-initial elementor-widget elementor-widget-image\" data-id=\"79223fa6\" data-element_type=\"widget\" data-e-type=\"widget\" data-widget_type=\"image.default\">\n\t\t\t\t<div class=\"elementor-widget-container\">\n\t\t\t\t\t\t\t\t\t\t\t\t\t\t\t<img loading=\"lazy\" decoding=\"async\" width=\"300\" height=\"200\" src=\"https:\/\/www.cv-timber.com\/wp-content\/uploads\/2023\/01\/Portrait_MvRandenborgh-300x200.jpg\" class=\"attachment-medium size-medium wp-image-2928\" alt=\"\" srcset=\"https:\/\/www.cv-timber.com\/wp-content\/uploads\/2023\/01\/Portrait_MvRandenborgh-300x200.jpg 300w, https:\/\/www.cv-timber.com\/wp-content\/uploads\/2023\/01\/Portrait_MvRandenborgh.jpg 450w\" sizes=\"(max-width: 300px) 100vw, 300px\" \/>\t\t\t\t\t\t\t\t\t\t\t\t\t\t\t<\/div>\n\t\t\t\t<\/div>\n\t\t\t\t<div class=\"elementor-element elementor-element-7d4e60a7 elementor-widget elementor-widget-text-editor\" data-id=\"7d4e60a7\" data-element_type=\"widget\" data-e-type=\"widget\" data-widget_type=\"text-editor.default\">\n\t\t\t\t<div class=\"elementor-widget-container\">\n\t\t\t\t\t\t\t\t\t<p>Matthias nasceu no Brasil e, junto com Manoel Padula, \u00e9 o sucessor designado da empresa familiar Fazenda Curral Velho. Ap\u00f3s concluir o ensino m\u00e9dio no Brasil, ele estudou administra\u00e7\u00e3o de empresas na Alemanha e nos EUA e trabalhou como banqueiro de investimentos no JP Morgan e no Deutsche Bank. Matthias tem sido um empreendedor em gest\u00e3o de ativos desde 1999 e \u00e9 respons\u00e1vel pela funda\u00e7\u00e3o de v\u00e1rias boutiques de sucesso em gest\u00e3o de ativos (Vescore Solutions AG, CYD-Research GmbH, LPX AG, RP Crest GmbH, neXDos GmbH, Amfileon AG, MAM-Partners AG).<br \/><br \/><\/p>\t\t\t\t\t\t\t\t<\/div>\n\t\t\t\t<\/div>\n\t\t\t\t\t<\/div>\n\t\t\t\t<\/div>\n\t\t\t\t<\/div>\n\t\t\t\t\t<\/div>\n\t\t\t\t<\/div>\n\t\t<div class=\"elementor-element elementor-element-38b6ef4 e-flex e-con-boxed e-con e-parent\" data-id=\"38b6ef4\" data-element_type=\"container\" data-e-type=\"container\">\n\t\t\t\t\t<div class=\"e-con-inner\">\n\t\t\t\t<div class=\"elementor-element elementor-element-0f4c3b3 elementor-align-center elementor-widget elementor-widget-button\" data-id=\"0f4c3b3\" data-element_type=\"widget\" data-e-type=\"widget\" data-widget_type=\"button.default\">\n\t\t\t\t<div class=\"elementor-widget-container\">\n\t\t\t\t\t\t\t\t\t<div class=\"elementor-button-wrapper\">\n\t\t\t\t\t<a class=\"elementor-button elementor-button-link elementor-size-sm\" href=\"https:\/\/www.cv-timber.com\/pt-pt\/contacto\/\">\n\t\t\t\t\t\t<span class=\"elementor-button-content-wrapper\">\n\t\t\t\t\t\t<span class=\"elementor-button-icon\">\n\t\t\t\t<i aria-hidden=\"true\" class=\"fas fa-long-arrow-alt-down\"><\/i>\t\t\t<\/span>\n\t\t\t\t\t\t\t\t\t<span class=\"elementor-button-text\">Contacto<\/span>\n\t\t\t\t\t<\/span>\n\t\t\t\t\t<\/a>\n\t\t\t\t<\/div>\n\t\t\t\t\t\t\t\t<\/div>\n\t\t\t\t<\/div>\n\t\t\t\t\t<\/div>\n\t\t\t\t<\/div>\n\t\t\t\t\t<\/div>\n\t\t\t\t<\/div>\n\t\t\t\t<\/div>\n\t\t\n                                    <\/div>\n                    <\/div>\n\n                    <div class=\"swiper-nav\">\n                <div class=\"swiperfe3f279-button-next swiper-button-next magic-hover magic-hover__square\"><svg xmlns=\"http:\/\/www.w3.org\/2000\/svg\" viewBox=\"0 0 448 512\"><!--! Font Awesome Free 6.2.0 by @fontawesome - https:\/\/fontawesome.com License - https:\/\/fontawesome.com\/license\/free (Icons: CC BY 4.0, Fonts: SIL OFL 1.1, Code: MIT License) Copyright 2022 Fonticons, Inc. --><path d=\"M438.6 278.6c12.5-12.5 12.5-32.8 0-45.3l-160-160c-12.5-12.5-32.8-12.5-45.3 0s-12.5 32.8 0 45.3L338.8 224 32 224c-17.7 0-32 14.3-32 32s14.3 32 32 32l306.7 0L233.4 393.4c-12.5 12.5-12.5 32.8 0 45.3s32.8 12.5 45.3 0l160-160z\"\/><\/svg><\/div>\n                <div class=\"swiperfe3f279-button-prev swiper-button-prev magic-hover magic-hover__square\"><svg xmlns=\"http:\/\/www.w3.org\/2000\/svg\" viewBox=\"0 0 448 512\"><!--! Font Awesome Free 6.2.0 by @fontawesome - https:\/\/fontawesome.com License - https:\/\/fontawesome.com\/license\/free (Icons: CC BY 4.0, Fonts: SIL OFL 1.1, Code: MIT License) Copyright 2022 Fonticons, Inc. --><path d=\"M9.4 233.4c-12.5 12.5-12.5 32.8 0 45.3l160 160c12.5 12.5 32.8 12.5 45.3 0s12.5-32.8 0-45.3L109.2 288 416 288c17.7 0 32-14.3 32-32s-14.3-32-32-32l-306.7 0L214.6 118.6c12.5-12.5 12.5-32.8 0-45.3s-32.8-12.5-45.3 0l-160 160z\"\/><\/svg><\/div>\n            <\/div>\n            <\/div>\n    <script>\n        let $firstSlidefe3f279 = document.querySelectorAll(\".swiper-fe3f279 .swiper-slide\")[0] || null;\n\n        if( $firstSlidefe3f279 ) {\n            let $ui = $firstSlidefe3f279.dataset.ui || null;\n\n            if( $ui ) {\n                document.body.classList.remove('ui-light', 'ui-dark');\n                document.body.classList.add('ui-' + $firstSlidefe3f279.dataset.ui);\n            }\n        }\n\n        async function initSliderfe3f279() {\n            let createSliderInstance = () => {\n                let $el = document.querySelector( \".swiper-fe3f279\" );\n                let $sliderfe3f279 = new elementorFrontend.utils.swiper( $el, Object.assign( {\"mousewheel\":{\"sensitivity\":0,\"thresholdDelta\":1000,\"thresholdTime\":1000},\"allowTouchMove\":false,\"nested\":false,\"slidesPerView\":1,\"effect\":\"slide\",\"navigation\":{\"nextEl\":\".swiperfe3f279-button-next\",\"prevEl\":\".swiperfe3f279-button-prev\"},\"watchSlidesProgress\":true,\"autoplay\":false}, {\n                    'on' : {\n                        'beforeTransitionStart' : ( $slider ) => {\n                            let $activeIndex = $slider.activeIndex;\n                            let $activeSlide = $el.querySelectorAll( '.swiper-slide' )[ $activeIndex ];\n                            let $ui = $activeSlide.dataset.ui || null;\n\n                            if( $ui ) {\n                                document.body.classList.remove('ui-light', 'ui-dark');\n                                document.body.classList.add('ui-' + $activeSlide.dataset.ui);\n                            }\n                        }\n                    }\n                }) );\n            }\n\n            if( typeof elementorFrontend.utils === 'undefined' || typeof elementorFrontend.utils.swiper === 'undefined' ) {\n                window.addEventListener( 'elementor\/frontend\/init', async () => {\n                    await elementorFrontend.utils;\n\n                    createSliderInstance();\n                } );\n            } else {\n                createSliderInstance();\n            }\n        }\n\n        window.addEventListener( 'elementor\/frontend\/init', async () => {\n\n            await elementorFrontend.utils;\n\n            if( 'yes' === 'yes' && ( !window.isMobile() || ( window.isMobile() && 'yes' === '' ) ) ) {\n                let $el = document.querySelector( \".swiper-fe3f279\" );\n                let $sliderfe3f279 = new elementorFrontend.utils.swiper( $el, Object.assign( {\"mousewheel\":{\"sensitivity\":0,\"thresholdDelta\":1000,\"thresholdTime\":1000},\"allowTouchMove\":false,\"nested\":false,\"slidesPerView\":1,\"effect\":\"slide\",\"navigation\":{\"nextEl\":\".swiperfe3f279-button-next\",\"prevEl\":\".swiperfe3f279-button-prev\"},\"watchSlidesProgress\":true,\"autoplay\":false}, {\n                    'on' : {\n                        'beforeTransitionStart' : ( $slider ) => {\n                            let $activeIndex = $slider.activeIndex;\n                            let $activeSlide = $el.querySelectorAll( '.swiper-slide' )[ $activeIndex ];\n                            let $ui = $activeSlide.dataset.ui || null;\n                            window.lockScrolling = true;\n\n                            if( $ui ) {\n                                document.body.classList.remove('ui-light', 'ui-dark');\n                                document.body.classList.add('ui-' + $activeSlide.dataset.ui);\n                            }\n                        },\n                        'transitionEnd' : () => {\n                            window.lockScrolling = false;\n                        },\n                        'reachEnd' : () => {\n                            window.lockScrolling = false;\n                        }\n                    }\n                }) );\n            }\n        });\n    <\/script>\n\t\t\t\t<\/div>\n\t\t\t\t<\/div>\n\t\t\t\t\t<\/div>\n\t\t\t\t<\/div>\n\t\t\t\t<\/div>\n\t\t","protected":false},"excerpt":{"rendered":"<p>Manoel Padula Jahrgang 1966, gesch\u00e4ftsf\u00fchrender Gr\u00fcnder Manoel ist Brasilianer, stammt aus einer Landwirtschaftsfamilie und leitet seit 2015 gemeinsam mit seinem Schwiegervater Christian Adler die Fazenda Curral Velho. Manoel hat einen Abschluss in Chemie und einen MBA von der Getulio Vargas University (BR) und der Harvard University (USA). Seine berufliche Laufbahn ist von 30 Jahren in [&hellip;]<\/p>\n","protected":false},"author":2,"featured_media":0,"parent":0,"menu_order":0,"comment_status":"closed","ping_status":"closed","template":"","meta":{"footnotes":""},"class_list":["post-2508","page","type-page","status-publish","hentry"],"yoast_head":"<!-- This site is optimized with the Yoast SEO plugin v26.6 - https:\/\/yoast.com\/wordpress\/plugins\/seo\/ -->\n<title>Fundador e s\u00f3cio-gerente &#8211; CV Timber<\/title>\n<meta name=\"robots\" content=\"index, follow, max-snippet:-1, max-image-preview:large, max-video-preview:-1\" \/>\n<link rel=\"canonical\" href=\"https:\/\/www.cv-timber.com\/pt-pt\/fundador-e-socio-gerente\/\" \/>\n<meta property=\"og:locale\" content=\"pt_PT\" \/>\n<meta property=\"og:type\" content=\"article\" \/>\n<meta property=\"og:title\" content=\"Fundador e s\u00f3cio-gerente &#8211; CV Timber\" \/>\n<meta property=\"og:description\" content=\"Manoel Padula Jahrgang 1966, gesch\u00e4ftsf\u00fchrender Gr\u00fcnder Manoel ist Brasilianer, stammt aus einer Landwirtschaftsfamilie und leitet seit 2015 gemeinsam mit seinem Schwiegervater Christian Adler die Fazenda Curral Velho. Manoel hat einen Abschluss in Chemie und einen MBA von der Getulio Vargas University (BR) und der Harvard University (USA). Seine berufliche Laufbahn ist von 30 Jahren in [&hellip;]\" \/>\n<meta property=\"og:url\" content=\"https:\/\/www.cv-timber.com\/pt-pt\/fundador-e-socio-gerente\/\" \/>\n<meta property=\"og:site_name\" content=\"CV Timber\" \/>\n<meta property=\"article:modified_time\" content=\"2023-02-23T14:39:12+00:00\" \/>\n<meta property=\"og:image\" content=\"https:\/\/www.cv-timber.com\/wp-content\/uploads\/2023\/02\/20230207_CV-TIMBER_Portrait_MPaolo-300x200.png\" \/>\n<meta name=\"twitter:card\" content=\"summary_large_image\" \/>\n<meta name=\"twitter:label1\" content=\"Tempo estimado de leitura\" \/>\n\t<meta name=\"twitter:data1\" content=\"5 minutos\" \/>\n<script type=\"application\/ld+json\" class=\"yoast-schema-graph\">{\"@context\":\"https:\/\/schema.org\",\"@graph\":[{\"@type\":\"WebPage\",\"@id\":\"https:\/\/www.cv-timber.com\/pt-pt\/fundador-e-socio-gerente\/\",\"url\":\"https:\/\/www.cv-timber.com\/pt-pt\/fundador-e-socio-gerente\/\",\"name\":\"Fundador e s\u00f3cio-gerente &#8211; CV Timber\",\"isPartOf\":{\"@id\":\"https:\/\/www.cv-timber.com\/#website\"},\"primaryImageOfPage\":{\"@id\":\"https:\/\/www.cv-timber.com\/pt-pt\/fundador-e-socio-gerente\/#primaryimage\"},\"image\":{\"@id\":\"https:\/\/www.cv-timber.com\/pt-pt\/fundador-e-socio-gerente\/#primaryimage\"},\"thumbnailUrl\":\"https:\/\/www.cv-timber.com\/wp-content\/uploads\/2023\/02\/20230207_CV-TIMBER_Portrait_MPaolo-300x200.png\",\"datePublished\":\"2023-01-11T10:50:03+00:00\",\"dateModified\":\"2023-02-23T14:39:12+00:00\",\"breadcrumb\":{\"@id\":\"https:\/\/www.cv-timber.com\/pt-pt\/fundador-e-socio-gerente\/#breadcrumb\"},\"inLanguage\":\"pt-PT\",\"potentialAction\":[{\"@type\":\"ReadAction\",\"target\":[\"https:\/\/www.cv-timber.com\/pt-pt\/fundador-e-socio-gerente\/\"]}]},{\"@type\":\"ImageObject\",\"inLanguage\":\"pt-PT\",\"@id\":\"https:\/\/www.cv-timber.com\/pt-pt\/fundador-e-socio-gerente\/#primaryimage\",\"url\":\"https:\/\/www.cv-timber.com\/wp-content\/uploads\/2023\/02\/20230207_CV-TIMBER_Portrait_MPaolo-300x200.png\",\"contentUrl\":\"https:\/\/www.cv-timber.com\/wp-content\/uploads\/2023\/02\/20230207_CV-TIMBER_Portrait_MPaolo-300x200.png\"},{\"@type\":\"BreadcrumbList\",\"@id\":\"https:\/\/www.cv-timber.com\/pt-pt\/fundador-e-socio-gerente\/#breadcrumb\",\"itemListElement\":[{\"@type\":\"ListItem\",\"position\":1,\"name\":\"Startseite\",\"item\":\"https:\/\/www.cv-timber.com\/pt-pt\/\"},{\"@type\":\"ListItem\",\"position\":2,\"name\":\"Fundador e s\u00f3cio-gerente\"}]},{\"@type\":\"WebSite\",\"@id\":\"https:\/\/www.cv-timber.com\/#website\",\"url\":\"https:\/\/www.cv-timber.com\/\",\"name\":\"CV Timber\",\"description\":\"\",\"publisher\":{\"@id\":\"https:\/\/www.cv-timber.com\/#organization\"},\"potentialAction\":[{\"@type\":\"SearchAction\",\"target\":{\"@type\":\"EntryPoint\",\"urlTemplate\":\"https:\/\/www.cv-timber.com\/?s={search_term_string}\"},\"query-input\":{\"@type\":\"PropertyValueSpecification\",\"valueRequired\":true,\"valueName\":\"search_term_string\"}}],\"inLanguage\":\"pt-PT\"},{\"@type\":\"Organization\",\"@id\":\"https:\/\/www.cv-timber.com\/#organization\",\"name\":\"CV Timber\",\"url\":\"https:\/\/www.cv-timber.com\/\",\"logo\":{\"@type\":\"ImageObject\",\"inLanguage\":\"pt-PT\",\"@id\":\"https:\/\/www.cv-timber.com\/#\/schema\/logo\/image\/\",\"url\":\"https:\/\/www.cv-timber.com\/wp-content\/uploads\/2023\/02\/cv-timber-logo.svg\",\"contentUrl\":\"https:\/\/www.cv-timber.com\/wp-content\/uploads\/2023\/02\/cv-timber-logo.svg\",\"caption\":\"CV Timber\"},\"image\":{\"@id\":\"https:\/\/www.cv-timber.com\/#\/schema\/logo\/image\/\"}}]}<\/script>\n<!-- \/ Yoast SEO plugin. -->","yoast_head_json":{"title":"Fundador e s\u00f3cio-gerente &#8211; CV Timber","robots":{"index":"index","follow":"follow","max-snippet":"max-snippet:-1","max-image-preview":"max-image-preview:large","max-video-preview":"max-video-preview:-1"},"canonical":"https:\/\/www.cv-timber.com\/pt-pt\/fundador-e-socio-gerente\/","og_locale":"pt_PT","og_type":"article","og_title":"Fundador e s\u00f3cio-gerente &#8211; CV Timber","og_description":"Manoel Padula Jahrgang 1966, gesch\u00e4ftsf\u00fchrender Gr\u00fcnder Manoel ist Brasilianer, stammt aus einer Landwirtschaftsfamilie und leitet seit 2015 gemeinsam mit seinem Schwiegervater Christian Adler die Fazenda Curral Velho. Manoel hat einen Abschluss in Chemie und einen MBA von der Getulio Vargas University (BR) und der Harvard University (USA). Seine berufliche Laufbahn ist von 30 Jahren in [&hellip;]","og_url":"https:\/\/www.cv-timber.com\/pt-pt\/fundador-e-socio-gerente\/","og_site_name":"CV Timber","article_modified_time":"2023-02-23T14:39:12+00:00","og_image":[{"url":"https:\/\/www.cv-timber.com\/wp-content\/uploads\/2023\/02\/20230207_CV-TIMBER_Portrait_MPaolo-300x200.png","type":"","width":"","height":""}],"twitter_card":"summary_large_image","twitter_misc":{"Tempo estimado de leitura":"5 minutos"},"schema":{"@context":"https:\/\/schema.org","@graph":[{"@type":"WebPage","@id":"https:\/\/www.cv-timber.com\/pt-pt\/fundador-e-socio-gerente\/","url":"https:\/\/www.cv-timber.com\/pt-pt\/fundador-e-socio-gerente\/","name":"Fundador e s\u00f3cio-gerente &#8211; CV Timber","isPartOf":{"@id":"https:\/\/www.cv-timber.com\/#website"},"primaryImageOfPage":{"@id":"https:\/\/www.cv-timber.com\/pt-pt\/fundador-e-socio-gerente\/#primaryimage"},"image":{"@id":"https:\/\/www.cv-timber.com\/pt-pt\/fundador-e-socio-gerente\/#primaryimage"},"thumbnailUrl":"https:\/\/www.cv-timber.com\/wp-content\/uploads\/2023\/02\/20230207_CV-TIMBER_Portrait_MPaolo-300x200.png","datePublished":"2023-01-11T10:50:03+00:00","dateModified":"2023-02-23T14:39:12+00:00","breadcrumb":{"@id":"https:\/\/www.cv-timber.com\/pt-pt\/fundador-e-socio-gerente\/#breadcrumb"},"inLanguage":"pt-PT","potentialAction":[{"@type":"ReadAction","target":["https:\/\/www.cv-timber.com\/pt-pt\/fundador-e-socio-gerente\/"]}]},{"@type":"ImageObject","inLanguage":"pt-PT","@id":"https:\/\/www.cv-timber.com\/pt-pt\/fundador-e-socio-gerente\/#primaryimage","url":"https:\/\/www.cv-timber.com\/wp-content\/uploads\/2023\/02\/20230207_CV-TIMBER_Portrait_MPaolo-300x200.png","contentUrl":"https:\/\/www.cv-timber.com\/wp-content\/uploads\/2023\/02\/20230207_CV-TIMBER_Portrait_MPaolo-300x200.png"},{"@type":"BreadcrumbList","@id":"https:\/\/www.cv-timber.com\/pt-pt\/fundador-e-socio-gerente\/#breadcrumb","itemListElement":[{"@type":"ListItem","position":1,"name":"Startseite","item":"https:\/\/www.cv-timber.com\/pt-pt\/"},{"@type":"ListItem","position":2,"name":"Fundador e s\u00f3cio-gerente"}]},{"@type":"WebSite","@id":"https:\/\/www.cv-timber.com\/#website","url":"https:\/\/www.cv-timber.com\/","name":"CV Timber","description":"","publisher":{"@id":"https:\/\/www.cv-timber.com\/#organization"},"potentialAction":[{"@type":"SearchAction","target":{"@type":"EntryPoint","urlTemplate":"https:\/\/www.cv-timber.com\/?s={search_term_string}"},"query-input":{"@type":"PropertyValueSpecification","valueRequired":true,"valueName":"search_term_string"}}],"inLanguage":"pt-PT"},{"@type":"Organization","@id":"https:\/\/www.cv-timber.com\/#organization","name":"CV Timber","url":"https:\/\/www.cv-timber.com\/","logo":{"@type":"ImageObject","inLanguage":"pt-PT","@id":"https:\/\/www.cv-timber.com\/#\/schema\/logo\/image\/","url":"https:\/\/www.cv-timber.com\/wp-content\/uploads\/2023\/02\/cv-timber-logo.svg","contentUrl":"https:\/\/www.cv-timber.com\/wp-content\/uploads\/2023\/02\/cv-timber-logo.svg","caption":"CV Timber"},"image":{"@id":"https:\/\/www.cv-timber.com\/#\/schema\/logo\/image\/"}}]}},"_links":{"self":[{"href":"https:\/\/www.cv-timber.com\/pt-pt\/wp-json\/wp\/v2\/pages\/2508","targetHints":{"allow":["GET"]}}],"collection":[{"href":"https:\/\/www.cv-timber.com\/pt-pt\/wp-json\/wp\/v2\/pages"}],"about":[{"href":"https:\/\/www.cv-timber.com\/pt-pt\/wp-json\/wp\/v2\/types\/page"}],"author":[{"embeddable":true,"href":"https:\/\/www.cv-timber.com\/pt-pt\/wp-json\/wp\/v2\/users\/2"}],"replies":[{"embeddable":true,"href":"https:\/\/www.cv-timber.com\/pt-pt\/wp-json\/wp\/v2\/comments?post=2508"}],"version-history":[{"count":5,"href":"https:\/\/www.cv-timber.com\/pt-pt\/wp-json\/wp\/v2\/pages\/2508\/revisions"}],"predecessor-version":[{"id":2778,"href":"https:\/\/www.cv-timber.com\/pt-pt\/wp-json\/wp\/v2\/pages\/2508\/revisions\/2778"}],"wp:attachment":[{"href":"https:\/\/www.cv-timber.com\/pt-pt\/wp-json\/wp\/v2\/media?parent=2508"}],"curies":[{"name":"wp","href":"https:\/\/api.w.org\/{rel}","templated":true}]}}