{"id":2503,"date":"2023-01-11T11:49:30","date_gmt":"2023-01-11T10:49:30","guid":{"rendered":"https:\/\/www.cv-timber.vps42310.wl-server.com\/geschaeftsmodell\/"},"modified":"2023-03-06T17:33:11","modified_gmt":"2023-03-06T16:33:11","slug":"nosso-modelo-de-negocios","status":"publish","type":"page","link":"https:\/\/www.cv-timber.com\/pt-pt\/nosso-modelo-de-negocios\/","title":{"rendered":"Nosso modelo de neg\u00f3cios"},"content":{"rendered":"\t\t<div data-elementor-type=\"wp-page\" data-elementor-id=\"2503\" class=\"elementor elementor-2503 elementor-1552\">\n\t\t\t\t<div class=\"elementor-element elementor-element-668aabe e-flex e-con-boxed e-con e-parent\" data-id=\"668aabe\" data-element_type=\"container\" data-e-type=\"container\">\n\t\t\t\t\t<div class=\"e-con-inner\">\n\t\t\t\t<div class=\"elementor-element elementor-element-68d5e5b elementor-widget__width-initial elementor-widget elementor-widget-text-editor\" data-id=\"68d5e5b\" data-element_type=\"widget\" data-e-type=\"widget\" data-widget_type=\"text-editor.default\">\n\t\t\t\t<div class=\"elementor-widget-container\">\n\t\t\t\t\t\t\t\t\t<p>Nosso modelo de neg\u00f3cios<\/p>\t\t\t\t\t\t\t\t<\/div>\n\t\t\t\t<\/div>\n\t\t\t\t<div class=\"elementor-element elementor-element-70158d3 elementor-widget elementor-widget-text-editor\" data-id=\"70158d3\" data-element_type=\"widget\" data-e-type=\"widget\" data-widget_type=\"text-editor.default\">\n\t\t\t\t<div class=\"elementor-widget-container\">\n\t\t\t\t\t\t\t\t\t<p>A gest\u00e3o da madeira \u00e9 parte de nosso modelo de neg\u00f3cios, mas nos diferenciamos significativamente dos fundos cl\u00e1ssicos da Timber.<\/p>\t\t\t\t\t\t\t\t<\/div>\n\t\t\t\t<\/div>\n\t\t\t\t<div class=\"elementor-element elementor-element-7ddde1d elementor-widget__width-initial elementor-widget elementor-widget-accordion\" data-id=\"7ddde1d\" data-element_type=\"widget\" data-e-type=\"widget\" data-widget_type=\"accordion.default\">\n\t\t\t\t<div class=\"elementor-widget-container\">\n\t\t\t\t\t\t\t<div class=\"elementor-accordion\">\n\t\t\t\t\t\t\t<div class=\"elementor-accordion-item\">\n\t\t\t\t\t<div id=\"elementor-tab-title-1311\" class=\"elementor-tab-title\" data-tab=\"1\" role=\"button\" aria-controls=\"elementor-tab-content-1311\" aria-expanded=\"false\">\n\t\t\t\t\t\t\t\t\t\t\t\t\t<span class=\"elementor-accordion-icon elementor-accordion-icon-left\" aria-hidden=\"true\">\n\t\t\t\t\t\t\t\t\t\t\t\t\t\t\t<span class=\"elementor-accordion-icon-closed\"><i class=\"fas fa-long-arrow-alt-right\"><\/i><\/span>\n\t\t\t\t\t\t\t\t<span class=\"elementor-accordion-icon-opened\"><i class=\"fas fa-long-arrow-alt-right\"><\/i><\/span>\n\t\t\t\t\t\t\t\t\t\t\t\t\t\t<\/span>\n\t\t\t\t\t\t\t\t\t\t\t\t<a class=\"elementor-accordion-title\" tabindex=\"0\">Agimos como um Buy & Build Manager.<\/a>\n\t\t\t\t\t<\/div>\n\t\t\t\t\t<div id=\"elementor-tab-content-1311\" class=\"elementor-tab-content elementor-clearfix\" data-tab=\"1\" role=\"region\" aria-labelledby=\"elementor-tab-title-1311\"><p><strong>Pr\u00f3ximo a grandes centros econ\u00f4micos, adquirimos fazendas de gado pequenas (100 hectares) a m\u00e9dias (1000 hectares) e as convertemos em fazendas de maior valor e uso intensivo de capital com a silvicultura.<\/strong><\/p><p>\u00a0<\/p><\/div>\n\t\t\t\t<\/div>\n\t\t\t\t\t\t\t<div class=\"elementor-accordion-item\">\n\t\t\t\t\t<div id=\"elementor-tab-title-1312\" class=\"elementor-tab-title\" data-tab=\"2\" role=\"button\" aria-controls=\"elementor-tab-content-1312\" aria-expanded=\"false\">\n\t\t\t\t\t\t\t\t\t\t\t\t\t<span class=\"elementor-accordion-icon elementor-accordion-icon-left\" aria-hidden=\"true\">\n\t\t\t\t\t\t\t\t\t\t\t\t\t\t\t<span class=\"elementor-accordion-icon-closed\"><i class=\"fas fa-long-arrow-alt-right\"><\/i><\/span>\n\t\t\t\t\t\t\t\t<span class=\"elementor-accordion-icon-opened\"><i class=\"fas fa-long-arrow-alt-right\"><\/i><\/span>\n\t\t\t\t\t\t\t\t\t\t\t\t\t\t<\/span>\n\t\t\t\t\t\t\t\t\t\t\t\t<a class=\"elementor-accordion-title\" tabindex=\"0\">A produ\u00e7\u00e3o de resina \u00e9 uma parte essencial do nosso modelo de neg\u00f3cios.<\/a>\n\t\t\t\t\t<\/div>\n\t\t\t\t\t<div id=\"elementor-tab-content-1312\" class=\"elementor-tab-content elementor-clearfix\" data-tab=\"2\" role=\"region\" aria-labelledby=\"elementor-tab-title-1312\"><p><strong>Como resultado, criamos muitos empregos bem remunerados e planejamos alcan\u00e7ar aproximadamente os mesmos rendimentos com a produ\u00e7\u00e3o de resina como com a produ\u00e7\u00e3o de madeira ao longo de um ciclo de 15 a 17 anos de extra\u00e7\u00e3o. \u00a0<br \/><br \/><\/strong><\/p><\/div>\n\t\t\t\t<\/div>\n\t\t\t\t\t\t\t<div class=\"elementor-accordion-item\">\n\t\t\t\t\t<div id=\"elementor-tab-title-1313\" class=\"elementor-tab-title\" data-tab=\"3\" role=\"button\" aria-controls=\"elementor-tab-content-1313\" aria-expanded=\"false\">\n\t\t\t\t\t\t\t\t\t\t\t\t\t<span class=\"elementor-accordion-icon elementor-accordion-icon-left\" aria-hidden=\"true\">\n\t\t\t\t\t\t\t\t\t\t\t\t\t\t\t<span class=\"elementor-accordion-icon-closed\"><i class=\"fas fa-long-arrow-alt-right\"><\/i><\/span>\n\t\t\t\t\t\t\t\t<span class=\"elementor-accordion-icon-opened\"><i class=\"fas fa-long-arrow-alt-right\"><\/i><\/span>\n\t\t\t\t\t\t\t\t\t\t\t\t\t\t<\/span>\n\t\t\t\t\t\t\t\t\t\t\t\t<a class=\"elementor-accordion-title\" tabindex=\"0\">Uma parte substancial de nossa cria\u00e7\u00e3o de valor vem da cria\u00e7\u00e3o de uma floresta produtiva.<\/a>\n\t\t\t\t\t<\/div>\n\t\t\t\t\t<div id=\"elementor-tab-content-1313\" class=\"elementor-tab-content elementor-clearfix\" data-tab=\"3\" role=\"region\" aria-labelledby=\"elementor-tab-title-1313\"><p><strong>A CV-Timber se baseia no que os fundos de timber gostam de adquirir: estoque florestal produtivo.<\/strong><br \/><br \/><\/p><\/div>\n\t\t\t\t<\/div>\n\t\t\t\t\t\t\t<div class=\"elementor-accordion-item\">\n\t\t\t\t\t<div id=\"elementor-tab-title-1314\" class=\"elementor-tab-title\" data-tab=\"4\" role=\"button\" aria-controls=\"elementor-tab-content-1314\" aria-expanded=\"false\">\n\t\t\t\t\t\t\t\t\t\t\t\t\t<span class=\"elementor-accordion-icon elementor-accordion-icon-left\" aria-hidden=\"true\">\n\t\t\t\t\t\t\t\t\t\t\t\t\t\t\t<span class=\"elementor-accordion-icon-closed\"><i class=\"fas fa-long-arrow-alt-right\"><\/i><\/span>\n\t\t\t\t\t\t\t\t<span class=\"elementor-accordion-icon-opened\"><i class=\"fas fa-long-arrow-alt-right\"><\/i><\/span>\n\t\t\t\t\t\t\t\t\t\t\t\t\t\t<\/span>\n\t\t\t\t\t\t\t\t\t\t\t\t<a class=\"elementor-accordion-title\" tabindex=\"0\">Nosso foco no Brasil \u00e9 o estado de S\u00e3o Paulo.<\/a>\n\t\t\t\t\t<\/div>\n\t\t\t\t\t<div id=\"elementor-tab-content-1314\" class=\"elementor-tab-content elementor-clearfix\" data-tab=\"4\" role=\"region\" aria-labelledby=\"elementor-tab-title-1314\"><p><strong>Adquirimos terras agr\u00edcolas altamente produtivas em uma regi\u00e3o climaticamente favorecida e com potencial de valoriza\u00e7\u00e3o.<br \/><br \/><\/strong><\/p><\/div>\n\t\t\t\t<\/div>\n\t\t\t\t\t\t\t<div class=\"elementor-accordion-item\">\n\t\t\t\t\t<div id=\"elementor-tab-title-1315\" class=\"elementor-tab-title\" data-tab=\"5\" role=\"button\" aria-controls=\"elementor-tab-content-1315\" aria-expanded=\"false\">\n\t\t\t\t\t\t\t\t\t\t\t\t\t<span class=\"elementor-accordion-icon elementor-accordion-icon-left\" aria-hidden=\"true\">\n\t\t\t\t\t\t\t\t\t\t\t\t\t\t\t<span class=\"elementor-accordion-icon-closed\"><i class=\"fas fa-long-arrow-alt-right\"><\/i><\/span>\n\t\t\t\t\t\t\t\t<span class=\"elementor-accordion-icon-opened\"><i class=\"fas fa-long-arrow-alt-right\"><\/i><\/span>\n\t\t\t\t\t\t\t\t\t\t\t\t\t\t<\/span>\n\t\t\t\t\t\t\t\t\t\t\t\t<a class=\"elementor-accordion-title\" tabindex=\"0\">Fontes adicionais de renda surgem a partir do sequestro de CO2,<\/a>\n\t\t\t\t\t<\/div>\n\t\t\t\t\t<div id=\"elementor-tab-content-1315\" class=\"elementor-tab-content elementor-clearfix\" data-tab=\"5\" role=\"region\" aria-labelledby=\"elementor-tab-title-1315\"><p><strong>a produ\u00e7\u00e3o de eletricidade verde, a convers\u00e3o de nossas terras em \u00e1reas agr\u00edcolas e o arrendamento per\u00edodico de florestas a criadores de gado.\u00a0\u00a0\u00a0\u00a0\u00a0\u00a0\u00a0\u00a0\u00a0 \u00a0<\/strong><\/p><\/div>\n\t\t\t\t<\/div>\n\t\t\t\t\t\t\t\t<\/div>\n\t\t\t\t\t\t<\/div>\n\t\t\t\t<\/div>\n\t\t\t\t<div class=\"elementor-element elementor-element-1926cf8 elementor-align-center elementor-widget elementor-widget-button\" data-id=\"1926cf8\" data-element_type=\"widget\" data-e-type=\"widget\" data-widget_type=\"button.default\">\n\t\t\t\t<div class=\"elementor-widget-container\">\n\t\t\t\t\t\t\t\t\t<div class=\"elementor-button-wrapper\">\n\t\t\t\t\t<a class=\"elementor-button elementor-button-link elementor-size-sm\" href=\"https:\/\/www.cv-timber.com\/pt-pt\/estrutura-de-rendimento-de-nossa-silvicultura\/\">\n\t\t\t\t\t\t<span class=\"elementor-button-content-wrapper\">\n\t\t\t\t\t\t<span class=\"elementor-button-icon\">\n\t\t\t\t<i aria-hidden=\"true\" class=\"fas fa-long-arrow-alt-down\"><\/i>\t\t\t<\/span>\n\t\t\t\t\t\t\t\t\t<span class=\"elementor-button-text\">Estrutura de rendimento de nossa silvicultura<\/span>\n\t\t\t\t\t<\/span>\n\t\t\t\t\t<\/a>\n\t\t\t\t<\/div>\n\t\t\t\t\t\t\t\t<\/div>\n\t\t\t\t<\/div>\n\t\t\t\t\t<\/div>\n\t\t\t\t<\/div>\n\t\t\t\t<\/div>\n\t\t","protected":false},"excerpt":{"rendered":"<p>Nosso modelo de neg\u00f3cios A gest\u00e3o da madeira \u00e9 parte de nosso modelo de neg\u00f3cios, mas nos diferenciamos significativamente dos fundos cl\u00e1ssicos da Timber. Agimos como um Buy &#038; Build Manager. Pr\u00f3ximo a grandes centros econ\u00f4micos, adquirimos fazendas de gado pequenas (100 hectares) a m\u00e9dias (1000 hectares) e as convertemos em fazendas de maior valor [&hellip;]<\/p>\n","protected":false},"author":2,"featured_media":0,"parent":0,"menu_order":0,"comment_status":"closed","ping_status":"closed","template":"","meta":{"footnotes":""},"class_list":["post-2503","page","type-page","status-publish","hentry"],"yoast_head":"<!-- This site is optimized with the Yoast SEO plugin v26.6 - https:\/\/yoast.com\/wordpress\/plugins\/seo\/ -->\n<title>Nosso modelo de neg\u00f3cios &#8211; CV Timber<\/title>\n<meta name=\"robots\" content=\"index, follow, max-snippet:-1, max-image-preview:large, max-video-preview:-1\" \/>\n<link rel=\"canonical\" href=\"https:\/\/www.cv-timber.com\/geschaeftsmodell\/\" \/>\n<meta property=\"og:locale\" content=\"pt_PT\" \/>\n<meta property=\"og:type\" content=\"article\" \/>\n<meta property=\"og:title\" content=\"Nosso modelo de neg\u00f3cios &#8211; CV Timber\" \/>\n<meta property=\"og:description\" content=\"Nosso modelo de neg\u00f3cios A gest\u00e3o da madeira \u00e9 parte de nosso modelo de neg\u00f3cios, mas nos diferenciamos significativamente dos fundos cl\u00e1ssicos da Timber. Agimos como um Buy &#038; Build Manager. Pr\u00f3ximo a grandes centros econ\u00f4micos, adquirimos fazendas de gado pequenas (100 hectares) a m\u00e9dias (1000 hectares) e as convertemos em fazendas de maior valor [&hellip;]\" \/>\n<meta property=\"og:url\" content=\"https:\/\/www.cv-timber.com\/geschaeftsmodell\/\" \/>\n<meta property=\"og:site_name\" content=\"CV Timber\" \/>\n<meta property=\"article:modified_time\" content=\"2023-03-06T16:33:11+00:00\" \/>\n<meta name=\"twitter:card\" content=\"summary_large_image\" \/>\n<meta name=\"twitter:label1\" content=\"Tempo estimado de leitura\" \/>\n\t<meta name=\"twitter:data1\" content=\"2 minutos\" \/>\n<script type=\"application\/ld+json\" class=\"yoast-schema-graph\">{\"@context\":\"https:\/\/schema.org\",\"@graph\":[{\"@type\":\"WebPage\",\"@id\":\"https:\/\/www.cv-timber.com\/geschaeftsmodell\/\",\"url\":\"https:\/\/www.cv-timber.com\/geschaeftsmodell\/\",\"name\":\"Nosso modelo de neg\u00f3cios &#8211; CV Timber\",\"isPartOf\":{\"@id\":\"https:\/\/www.cv-timber.com\/#website\"},\"datePublished\":\"2023-01-11T10:49:30+00:00\",\"dateModified\":\"2023-03-06T16:33:11+00:00\",\"breadcrumb\":{\"@id\":\"https:\/\/www.cv-timber.com\/geschaeftsmodell\/#breadcrumb\"},\"inLanguage\":\"pt-PT\",\"potentialAction\":[{\"@type\":\"ReadAction\",\"target\":[\"https:\/\/www.cv-timber.com\/geschaeftsmodell\/\"]}]},{\"@type\":\"BreadcrumbList\",\"@id\":\"https:\/\/www.cv-timber.com\/geschaeftsmodell\/#breadcrumb\",\"itemListElement\":[{\"@type\":\"ListItem\",\"position\":1,\"name\":\"Startseite\",\"item\":\"https:\/\/www.cv-timber.com\/pt-pt\/\"},{\"@type\":\"ListItem\",\"position\":2,\"name\":\"Nosso modelo de neg\u00f3cios\"}]},{\"@type\":\"WebSite\",\"@id\":\"https:\/\/www.cv-timber.com\/#website\",\"url\":\"https:\/\/www.cv-timber.com\/\",\"name\":\"CV Timber\",\"description\":\"\",\"publisher\":{\"@id\":\"https:\/\/www.cv-timber.com\/#organization\"},\"potentialAction\":[{\"@type\":\"SearchAction\",\"target\":{\"@type\":\"EntryPoint\",\"urlTemplate\":\"https:\/\/www.cv-timber.com\/?s={search_term_string}\"},\"query-input\":{\"@type\":\"PropertyValueSpecification\",\"valueRequired\":true,\"valueName\":\"search_term_string\"}}],\"inLanguage\":\"pt-PT\"},{\"@type\":\"Organization\",\"@id\":\"https:\/\/www.cv-timber.com\/#organization\",\"name\":\"CV Timber\",\"url\":\"https:\/\/www.cv-timber.com\/\",\"logo\":{\"@type\":\"ImageObject\",\"inLanguage\":\"pt-PT\",\"@id\":\"https:\/\/www.cv-timber.com\/#\/schema\/logo\/image\/\",\"url\":\"https:\/\/www.cv-timber.com\/wp-content\/uploads\/2023\/02\/cv-timber-logo.svg\",\"contentUrl\":\"https:\/\/www.cv-timber.com\/wp-content\/uploads\/2023\/02\/cv-timber-logo.svg\",\"caption\":\"CV Timber\"},\"image\":{\"@id\":\"https:\/\/www.cv-timber.com\/#\/schema\/logo\/image\/\"}}]}<\/script>\n<!-- \/ Yoast SEO plugin. -->","yoast_head_json":{"title":"Nosso modelo de neg\u00f3cios &#8211; CV Timber","robots":{"index":"index","follow":"follow","max-snippet":"max-snippet:-1","max-image-preview":"max-image-preview:large","max-video-preview":"max-video-preview:-1"},"canonical":"https:\/\/www.cv-timber.com\/geschaeftsmodell\/","og_locale":"pt_PT","og_type":"article","og_title":"Nosso modelo de neg\u00f3cios &#8211; CV Timber","og_description":"Nosso modelo de neg\u00f3cios A gest\u00e3o da madeira \u00e9 parte de nosso modelo de neg\u00f3cios, mas nos diferenciamos significativamente dos fundos cl\u00e1ssicos da Timber. Agimos como um Buy &#038; Build Manager. Pr\u00f3ximo a grandes centros econ\u00f4micos, adquirimos fazendas de gado pequenas (100 hectares) a m\u00e9dias (1000 hectares) e as convertemos em fazendas de maior valor [&hellip;]","og_url":"https:\/\/www.cv-timber.com\/geschaeftsmodell\/","og_site_name":"CV Timber","article_modified_time":"2023-03-06T16:33:11+00:00","twitter_card":"summary_large_image","twitter_misc":{"Tempo estimado de leitura":"2 minutos"},"schema":{"@context":"https:\/\/schema.org","@graph":[{"@type":"WebPage","@id":"https:\/\/www.cv-timber.com\/geschaeftsmodell\/","url":"https:\/\/www.cv-timber.com\/geschaeftsmodell\/","name":"Nosso modelo de neg\u00f3cios &#8211; CV Timber","isPartOf":{"@id":"https:\/\/www.cv-timber.com\/#website"},"datePublished":"2023-01-11T10:49:30+00:00","dateModified":"2023-03-06T16:33:11+00:00","breadcrumb":{"@id":"https:\/\/www.cv-timber.com\/geschaeftsmodell\/#breadcrumb"},"inLanguage":"pt-PT","potentialAction":[{"@type":"ReadAction","target":["https:\/\/www.cv-timber.com\/geschaeftsmodell\/"]}]},{"@type":"BreadcrumbList","@id":"https:\/\/www.cv-timber.com\/geschaeftsmodell\/#breadcrumb","itemListElement":[{"@type":"ListItem","position":1,"name":"Startseite","item":"https:\/\/www.cv-timber.com\/pt-pt\/"},{"@type":"ListItem","position":2,"name":"Nosso modelo de neg\u00f3cios"}]},{"@type":"WebSite","@id":"https:\/\/www.cv-timber.com\/#website","url":"https:\/\/www.cv-timber.com\/","name":"CV Timber","description":"","publisher":{"@id":"https:\/\/www.cv-timber.com\/#organization"},"potentialAction":[{"@type":"SearchAction","target":{"@type":"EntryPoint","urlTemplate":"https:\/\/www.cv-timber.com\/?s={search_term_string}"},"query-input":{"@type":"PropertyValueSpecification","valueRequired":true,"valueName":"search_term_string"}}],"inLanguage":"pt-PT"},{"@type":"Organization","@id":"https:\/\/www.cv-timber.com\/#organization","name":"CV Timber","url":"https:\/\/www.cv-timber.com\/","logo":{"@type":"ImageObject","inLanguage":"pt-PT","@id":"https:\/\/www.cv-timber.com\/#\/schema\/logo\/image\/","url":"https:\/\/www.cv-timber.com\/wp-content\/uploads\/2023\/02\/cv-timber-logo.svg","contentUrl":"https:\/\/www.cv-timber.com\/wp-content\/uploads\/2023\/02\/cv-timber-logo.svg","caption":"CV Timber"},"image":{"@id":"https:\/\/www.cv-timber.com\/#\/schema\/logo\/image\/"}}]}},"_links":{"self":[{"href":"https:\/\/www.cv-timber.com\/pt-pt\/wp-json\/wp\/v2\/pages\/2503","targetHints":{"allow":["GET"]}}],"collection":[{"href":"https:\/\/www.cv-timber.com\/pt-pt\/wp-json\/wp\/v2\/pages"}],"about":[{"href":"https:\/\/www.cv-timber.com\/pt-pt\/wp-json\/wp\/v2\/types\/page"}],"author":[{"embeddable":true,"href":"https:\/\/www.cv-timber.com\/pt-pt\/wp-json\/wp\/v2\/users\/2"}],"replies":[{"embeddable":true,"href":"https:\/\/www.cv-timber.com\/pt-pt\/wp-json\/wp\/v2\/comments?post=2503"}],"version-history":[{"count":5,"href":"https:\/\/www.cv-timber.com\/pt-pt\/wp-json\/wp\/v2\/pages\/2503\/revisions"}],"predecessor-version":[{"id":3116,"href":"https:\/\/www.cv-timber.com\/pt-pt\/wp-json\/wp\/v2\/pages\/2503\/revisions\/3116"}],"wp:attachment":[{"href":"https:\/\/www.cv-timber.com\/pt-pt\/wp-json\/wp\/v2\/media?parent=2503"}],"curies":[{"name":"wp","href":"https:\/\/api.w.org\/{rel}","templated":true}]}}